{"id":16,"date":"2014-12-17T20:28:32","date_gmt":"2014-12-17T20:28:32","guid":{"rendered":"http:\/\/coiffeur-freestyle-wabern.ch\/?page_id=16"},"modified":"2025-10-22T09:42:50","modified_gmt":"2025-10-22T09:42:50","slug":"ueber-uns","status":"publish","type":"page","link":"http:\/\/coiffeur-freestyle-wabern.ch\/?page_id=16","title":{"rendered":"\u00dcber uns"},"content":{"rendered":"\n<p class=\"has-text-align-center\">Wir sind ein junges, dynamisches Team und Seit 2010 f\u00fcr Sie im Einsatz. <\/p>\n\n\n\n<p class=\"has-text-align-center\">Ihre Haare sind bei uns in den besten H\u00e4nden. Wir freuen uns auf ihren Besuch.<\/p>\n\n\n\n<figure class=\"wp-block-table\"><table class=\"has-white-background-color has-background\"><tbody><tr><td><img decoding=\"async\" loading=\"lazy\" width=\"1709\" height=\"2560\" class=\"wp-image-269\" style=\"width: 150px;\" src=\"http:\/\/coiffeur-freestyle-wabern.ch\/wp-content\/uploads\/2023\/03\/DSC_9636-scaled.jpg\" alt=\"\" srcset=\"http:\/\/coiffeur-freestyle-wabern.ch\/wp-content\/uploads\/2023\/03\/DSC_9636-scaled.jpg 1709w, http:\/\/coiffeur-freestyle-wabern.ch\/wp-content\/uploads\/2023\/03\/DSC_9636-200x300.jpg 200w, http:\/\/coiffeur-freestyle-wabern.ch\/wp-content\/uploads\/2023\/03\/DSC_9636-683x1024.jpg 683w, http:\/\/coiffeur-freestyle-wabern.ch\/wp-content\/uploads\/2023\/03\/DSC_9636-768x1151.jpg 768w, http:\/\/coiffeur-freestyle-wabern.ch\/wp-content\/uploads\/2023\/03\/DSC_9636-1025x1536.jpg 1025w, http:\/\/coiffeur-freestyle-wabern.ch\/wp-content\/uploads\/2023\/03\/DSC_9636-1367x2048.jpg 1367w\" sizes=\"(max-width: 1709px) 100vw, 1709px\" \/><br><strong>Diana Moreno<\/strong><br>Gesch\u00e4ftsinhaberin<br>Coiffeuse EFZ seit 1992<\/td><td><strong>Spezialistin f\u00fcr<\/strong><br>Damen und Herren Schnitt<br>M\u00e8ches<br>Farbe<br>Extension<br>Zopf<br>Flechtfrisuren<br>Wimpern f\u00e4rben<br>Brauen f\u00e4rben und zupfen<br><br><strong>Arbeitszeiten<\/strong><br>Dienstag<br>Donnerstag<br>Freitag<br>Samstag<br><br><strong>Sprachen<\/strong><br>Deutsch <br>Italienisch Kenntnisse<br>Englisch Kenntnisse                            <\/td><\/tr><tr><td><img decoding=\"async\" loading=\"lazy\" width=\"1708\" height=\"2560\" class=\"wp-image-271\" style=\"width: 150px;\" src=\"http:\/\/coiffeur-freestyle-wabern.ch\/wp-content\/uploads\/2023\/03\/DSC_9659-scaled.jpg\" alt=\"\" srcset=\"http:\/\/coiffeur-freestyle-wabern.ch\/wp-content\/uploads\/2023\/03\/DSC_9659-scaled.jpg 1708w, http:\/\/coiffeur-freestyle-wabern.ch\/wp-content\/uploads\/2023\/03\/DSC_9659-200x300.jpg 200w, http:\/\/coiffeur-freestyle-wabern.ch\/wp-content\/uploads\/2023\/03\/DSC_9659-683x1024.jpg 683w, http:\/\/coiffeur-freestyle-wabern.ch\/wp-content\/uploads\/2023\/03\/DSC_9659-768x1151.jpg 768w, http:\/\/coiffeur-freestyle-wabern.ch\/wp-content\/uploads\/2023\/03\/DSC_9659-1025x1536.jpg 1025w, http:\/\/coiffeur-freestyle-wabern.ch\/wp-content\/uploads\/2023\/03\/DSC_9659-1367x2048.jpg 1367w\" sizes=\"(max-width: 1708px) 100vw, 1708px\" \/><br><strong>Alexandra Friedli<\/strong><br>Gesch\u00e4ftsinhaberin<br>Coiffeuse EFZ seit 2007<br><\/td><td><strong>Spezialistin f\u00fcr<\/strong><br>Damen und Herren Schnitt<br>M\u00e8ches<br>Farbe<br>Zopf<br>Wimpern f\u00e4rben<br>Brauen f\u00e4rben und zupfen<br><br><strong>Arbeitszeiten<\/strong><br>Mittwoch<br>Freitag Vormittag<br>Samstag<br><br><strong>Sprachen <\/strong><br>Deutsch<\/td><\/tr><tr><td><img decoding=\"async\" loading=\"lazy\" width=\"1709\" height=\"2560\" class=\"wp-image-272\" style=\"width: 150px;\" src=\"http:\/\/coiffeur-freestyle-wabern.ch\/wp-content\/uploads\/2023\/03\/DSC_9649-scaled.jpg\" alt=\"\" srcset=\"http:\/\/coiffeur-freestyle-wabern.ch\/wp-content\/uploads\/2023\/03\/DSC_9649-scaled.jpg 1709w, http:\/\/coiffeur-freestyle-wabern.ch\/wp-content\/uploads\/2023\/03\/DSC_9649-200x300.jpg 200w, http:\/\/coiffeur-freestyle-wabern.ch\/wp-content\/uploads\/2023\/03\/DSC_9649-684x1024.jpg 684w, http:\/\/coiffeur-freestyle-wabern.ch\/wp-content\/uploads\/2023\/03\/DSC_9649-768x1151.jpg 768w, http:\/\/coiffeur-freestyle-wabern.ch\/wp-content\/uploads\/2023\/03\/DSC_9649-1025x1536.jpg 1025w, http:\/\/coiffeur-freestyle-wabern.ch\/wp-content\/uploads\/2023\/03\/DSC_9649-1367x2048.jpg 1367w\" sizes=\"(max-width: 1709px) 100vw, 1709px\" \/><br><strong>Liliana Ribeiro<\/strong><br>Mitarbeiterin seit 2022<br>Coiffeuse EFZ seit 2003<\/td><td><strong>Spezialistin f\u00fcr<\/strong><br>Damen und Herren Schnitt<br>Dauerwelle<br>Einlegen<br>Modern und Klassisch<br>Extension<br>Festliche Frisuren<br>Zopf<br>Flechtfrisuren<br>Hochstecken<br>Wimpern f\u00e4rben<br>Brauen f\u00e4rben und zupfen<br><br><strong>Arbeitszeiten<\/strong><br>Dienstag<br>Donnerstag<br>Freitag Teilzeit<br>Samstag Teilzeit<br><br><strong>Sprachen<\/strong><br>Deutsch<br>Italienisch<br>Franz\u00f6sisch<br>Portugisisch<br><\/td><\/tr><\/tbody><\/table><\/figure>\n\n\n<p><span style=\"font-family: Verdana, Arial, Helvetica, sans-serif;\">&nbsp;<\/span><\/p>\n\n\n<p><strong>Weiters Angebot<\/strong><\/p>\n\n\n\n<ul>\n<li>F\u00e4rben<\/li>\n\n\n\n<li>Blondieren<\/li>\n\n\n\n<li>M\u00e8ches<\/li>\n\n\n\n<li>(Intensiv) T\u00f6nung<\/li>\n\n\n\n<li>Haarschnitt &amp; Styling Damen, Herren und Kinder<\/li>\n\n\n\n<li>Hochstecken<\/li>\n\n\n\n<li>Bart schneiden und stutzen<\/li>\n\n\n\n<li>Augenbrauen f\u00e4rben zupfen<\/li>\n\n\n\n<li>Wimpern f\u00e4rben<\/li>\n<\/ul>\n","protected":false},"excerpt":{"rendered":"<p>Wir sind ein junges, dynamisches Team und Seit 2010 f\u00fcr Sie im Einsatz. Ihre Haare sind bei uns in den besten H\u00e4nden. Wir freuen uns auf ihren Besuch. Diana MorenoGesch\u00e4ftsinhaberinCoiffeuse EFZ seit 1992 Spezialistin f\u00fcrDamen und Herren SchnittM\u00e8chesFarbeExtensionZopfFlechtfrisurenWimpern f\u00e4rbenBrauen f\u00e4rben und zupfen ArbeitszeitenDienstagDonnerstagFreitagSamstag SprachenDeutsch Italienisch KenntnisseEnglisch Kenntnisse Alexandra FriedliGesch\u00e4ftsinhaberinCoiffeuse EFZ seit 2007 Spezialistin f\u00fcrDamen und [&hellip;]<\/p>\n","protected":false},"author":1,"featured_media":0,"parent":0,"menu_order":0,"comment_status":"open","ping_status":"open","template":"full-width-page.php","meta":[],"_links":{"self":[{"href":"http:\/\/coiffeur-freestyle-wabern.ch\/index.php?rest_route=\/wp\/v2\/pages\/16"}],"collection":[{"href":"http:\/\/coiffeur-freestyle-wabern.ch\/index.php?rest_route=\/wp\/v2\/pages"}],"about":[{"href":"http:\/\/coiffeur-freestyle-wabern.ch\/index.php?rest_route=\/wp\/v2\/types\/page"}],"author":[{"embeddable":true,"href":"http:\/\/coiffeur-freestyle-wabern.ch\/index.php?rest_route=\/wp\/v2\/users\/1"}],"replies":[{"embeddable":true,"href":"http:\/\/coiffeur-freestyle-wabern.ch\/index.php?rest_route=%2Fwp%2Fv2%2Fcomments&post=16"}],"version-history":[{"count":45,"href":"http:\/\/coiffeur-freestyle-wabern.ch\/index.php?rest_route=\/wp\/v2\/pages\/16\/revisions"}],"predecessor-version":[{"id":359,"href":"http:\/\/coiffeur-freestyle-wabern.ch\/index.php?rest_route=\/wp\/v2\/pages\/16\/revisions\/359"}],"wp:attachment":[{"href":"http:\/\/coiffeur-freestyle-wabern.ch\/index.php?rest_route=%2Fwp%2Fv2%2Fmedia&parent=16"}],"curies":[{"name":"wp","href":"https:\/\/api.w.org\/{rel}","templated":true}]}}